{"id":70,"date":"2018-12-16T13:25:34","date_gmt":"2018-12-16T13:25:34","guid":{"rendered":"http:\/\/tv-wintersdorf.de\/?page_id=70"},"modified":"2025-10-13T11:42:45","modified_gmt":"2025-10-13T11:42:45","slug":"home-3","status":"publish","type":"page","link":"https:\/\/tv-wintersdorf.de\/?page_id=70","title":{"rendered":"Impressum"},"content":{"rendered":"\t\t<div data-elementor-type=\"wp-post\" data-elementor-id=\"70\" class=\"elementor elementor-70\">\n\t\t\t\t\t\t<div class=\"elementor-inner\">\n\t\t\t\t<div class=\"elementor-section-wrap\">\n\t\t\t\t\t\t\t\t\t<section class=\"elementor-section elementor-top-section elementor-element elementor-element-25919ae elementor-section-boxed elementor-section-height-default elementor-section-height-default\" data-id=\"25919ae\" data-element_type=\"section\">\n\t\t\t\t\t\t<div class=\"elementor-container elementor-column-gap-default\">\n\t\t\t\t\t\t\t<div class=\"elementor-row\">\n\t\t\t\t\t<div class=\"elementor-column elementor-col-33 elementor-top-column elementor-element elementor-element-e324ff6\" data-id=\"e324ff6\" data-element_type=\"column\">\n\t\t\t<div class=\"elementor-column-wrap elementor-element-populated\">\n\t\t\t\t\t\t\t<div class=\"elementor-widget-wrap\">\n\t\t\t\t\t\t<div class=\"elementor-element elementor-element-df9d12c elementor-widget elementor-widget-image\" data-id=\"df9d12c\" data-element_type=\"widget\" data-widget_type=\"image.default\">\n\t\t\t\t<div class=\"elementor-widget-container\">\n\t\t\t\t\t\t\t\t<div class=\"elementor-image\">\n\t\t\t\t\t\t\t\t\t\t\t\t\t<a href=\"https:\/\/tv-wintersdorf.de\/\">\n\t\t\t\t\t\t\t<img decoding=\"async\" width=\"601\" height=\"355\" src=\"https:\/\/tv-wintersdorf.de\/wp-content\/uploads\/2020\/03\/Logo_Normal.jpg\" class=\"attachment-large size-large wp-image-4182\" alt=\"\" loading=\"lazy\" srcset=\"https:\/\/tv-wintersdorf.de\/wp-content\/uploads\/2020\/03\/Logo_Normal.jpg 601w, https:\/\/tv-wintersdorf.de\/wp-content\/uploads\/2020\/03\/Logo_Normal-300x177.jpg 300w, https:\/\/tv-wintersdorf.de\/wp-content\/uploads\/2020\/03\/elementor\/thumbs\/Logo_Normal-om9mlzpm3er39u5urhaj8otivup3vnofg27y7j704o.jpg 5w\" sizes=\"(max-width: 601px) 100vw, 601px\" \/>\t\t\t\t\t\t\t\t<\/a>\n\t\t\t\t\t\t\t\t\t\t\t\t\t\t<\/div>\n\t\t\t\t\t\t<\/div>\n\t\t\t\t<\/div>\n\t\t\t\t\t\t<\/div>\n\t\t\t\t\t<\/div>\n\t\t<\/div>\n\t\t\t\t<div class=\"elementor-column elementor-col-33 elementor-top-column elementor-element elementor-element-ff69041\" data-id=\"ff69041\" data-element_type=\"column\">\n\t\t\t<div class=\"elementor-column-wrap elementor-element-populated\">\n\t\t\t\t\t\t\t<div class=\"elementor-widget-wrap\">\n\t\t\t\t\t\t<div class=\"elementor-element elementor-element-9030452 elementor-widget elementor-widget-heading\" data-id=\"9030452\" data-element_type=\"widget\" data-widget_type=\"heading.default\">\n\t\t\t\t<div class=\"elementor-widget-container\">\n\t\t\t<h2 class=\"elementor-heading-title elementor-size-default\">Turnverein Wintersdorf 1919 e.V.<\/h2>\t\t<\/div>\n\t\t\t\t<\/div>\n\t\t\t\t\t\t<\/div>\n\t\t\t\t\t<\/div>\n\t\t<\/div>\n\t\t\t\t<div class=\"elementor-column elementor-col-33 elementor-top-column elementor-element elementor-element-d3fe1c0\" data-id=\"d3fe1c0\" data-element_type=\"column\">\n\t\t\t<div class=\"elementor-column-wrap elementor-element-populated\">\n\t\t\t\t\t\t\t<div class=\"elementor-widget-wrap\">\n\t\t\t\t\t\t<div class=\"elementor-element elementor-element-0accb46 elementor-widget elementor-widget-image\" data-id=\"0accb46\" data-element_type=\"widget\" data-widget_type=\"image.default\">\n\t\t\t\t<div class=\"elementor-widget-container\">\n\t\t\t\t\t\t\t\t<div class=\"elementor-image\">\n\t\t\t\t\t\t\t\t\t\t\t\t\t<a href=\"https:\/\/tv-wintersdorf.de\/\">\n\t\t\t\t\t\t\t<img decoding=\"async\" src=\"https:\/\/tv-wintersdorf.de\/wp-content\/uploads\/elementor\/thumbs\/logo2-o0ln8w9kk8lp92bz1q8gvw18xtxas6p0t7maay76fk.png\" title=\"logo2\" alt=\"logo2\" loading=\"lazy\" \/>\t\t\t\t\t\t\t\t<\/a>\n\t\t\t\t\t\t\t\t\t\t\t\t\t\t<\/div>\n\t\t\t\t\t\t<\/div>\n\t\t\t\t<\/div>\n\t\t\t\t\t\t<\/div>\n\t\t\t\t\t<\/div>\n\t\t<\/div>\n\t\t\t\t\t\t\t\t<\/div>\n\t\t\t\t\t<\/div>\n\t\t<\/section>\n\t\t\t\t<section class=\"elementor-section elementor-top-section elementor-element elementor-element-6b993d25 elementor-section-content-middle elementor-section-boxed elementor-section-height-default elementor-section-height-default\" data-id=\"6b993d25\" data-element_type=\"section\">\n\t\t\t\t\t\t<div class=\"elementor-container elementor-column-gap-default\">\n\t\t\t\t\t\t\t<div class=\"elementor-row\">\n\t\t\t\t\t<div class=\"elementor-column elementor-col-50 elementor-top-column elementor-element elementor-element-70a9c850\" data-id=\"70a9c850\" data-element_type=\"column\">\n\t\t\t<div class=\"elementor-column-wrap elementor-element-populated\">\n\t\t\t\t\t\t\t<div class=\"elementor-widget-wrap\">\n\t\t\t\t\t\t<div class=\"elementor-element elementor-element-3f630edc elementor-widget elementor-widget-heading\" data-id=\"3f630edc\" data-element_type=\"widget\" data-widget_type=\"heading.default\">\n\t\t\t\t<div class=\"elementor-widget-container\">\n\t\t\t<h2 class=\"elementor-heading-title elementor-size-large\">Impressum<\/h2>\t\t<\/div>\n\t\t\t\t<\/div>\n\t\t\t\t<div class=\"elementor-element elementor-element-2fb2ecde elementor-widget-divider--view-line elementor-widget elementor-widget-divider\" data-id=\"2fb2ecde\" data-element_type=\"widget\" data-widget_type=\"divider.default\">\n\t\t\t\t<div class=\"elementor-widget-container\">\n\t\t\t\t\t<div class=\"elementor-divider\">\n\t\t\t<span class=\"elementor-divider-separator\">\n\t\t\t\t\t\t<\/span>\n\t\t<\/div>\n\t\t\t\t<\/div>\n\t\t\t\t<\/div>\n\t\t\t\t<div class=\"elementor-element elementor-element-5340abf2 elementor-icon-list--layout-traditional elementor-list-item-link-full_width elementor-widget elementor-widget-icon-list\" data-id=\"5340abf2\" data-element_type=\"widget\" data-widget_type=\"icon-list.default\">\n\t\t\t\t<div class=\"elementor-widget-container\">\n\t\t\t\t\t<ul class=\"elementor-icon-list-items\">\n\t\t\t\t\t\t\t<li class=\"elementor-icon-list-item\">\n\t\t\t\t\t\t\t\t\t\t\t<span class=\"elementor-icon-list-icon\">\n\t\t\t\t\t\t\t\t\t\t\t\t\t\t\t\t<i class=\"fa fa-address-book\" aria-hidden=\"true\"><\/i>\n\t\t\t\t\t\t\t\t\t\t\t\t\t<\/span>\n\t\t\t\t\t\t\t\t\t\t<span class=\"elementor-icon-list-text\">Turnverein Wintersdorf 1919 e.V.<\/span>\n\t\t\t\t\t\t\t\t\t<\/li>\n\t\t\t\t\t\t\t\t<li class=\"elementor-icon-list-item\">\n\t\t\t\t\t\t\t\t\t\t\t<span class=\"elementor-icon-list-icon\">\n\t\t\t\t\t\t\t\t\t\t\t\t\t\t\t\t<i class=\"fa fa-street-view\" aria-hidden=\"true\"><\/i>\n\t\t\t\t\t\t\t\t\t\t\t\t\t<\/span>\n\t\t\t\t\t\t\t\t\t\t<span class=\"elementor-icon-list-text\">Salmstra\u00dfe 21<\/span>\n\t\t\t\t\t\t\t\t\t<\/li>\n\t\t\t\t\t\t\t\t<li class=\"elementor-icon-list-item\">\n\t\t\t\t\t\t\t\t\t\t\t<span class=\"elementor-icon-list-icon\">\n\t\t\t\t\t\t\t\t\t\t\t\t\t\t\t\t<i class=\"fa fa-map-marker\" aria-hidden=\"true\"><\/i>\n\t\t\t\t\t\t\t\t\t\t\t\t\t<\/span>\n\t\t\t\t\t\t\t\t\t\t<span class=\"elementor-icon-list-text\">76437 Rastatt-Wintersdorf<\/span>\n\t\t\t\t\t\t\t\t\t<\/li>\n\t\t\t\t\t\t\t\t<li class=\"elementor-icon-list-item\">\n\t\t\t\t\t\t\t\t\t\t\t<span class=\"elementor-icon-list-icon\">\n\t\t\t\t\t\t\t\t\t\t\t\t\t\t\t\t<i class=\"fa fa-envelope-square\" aria-hidden=\"true\"><\/i>\n\t\t\t\t\t\t\t\t\t\t\t\t\t<\/span>\n\t\t\t\t\t\t\t\t\t\t<span class=\"elementor-icon-list-text\">webmaster@tv-wintersdorf.de<\/span>\n\t\t\t\t\t\t\t\t\t<\/li>\n\t\t\t\t\t\t\t\t<li class=\"elementor-icon-list-item\">\n\t\t\t\t\t\t\t\t\t\t<span class=\"elementor-icon-list-text\">          Eintragung im Vereinsregister<\/span>\n\t\t\t\t\t\t\t\t\t<\/li>\n\t\t\t\t\t\t\t\t<li class=\"elementor-icon-list-item\">\n\t\t\t\t\t\t\t\t\t\t<span class=\"elementor-icon-list-text\">          Registergericht: Amtsgericht Mannheim <\/span>\n\t\t\t\t\t\t\t\t\t<\/li>\n\t\t\t\t\t\t\t\t<li class=\"elementor-icon-list-item\">\n\t\t\t\t\t\t\t\t\t\t<span class=\"elementor-icon-list-text\">          Registernummer: <\/span>\n\t\t\t\t\t\t\t\t\t<\/li>\n\t\t\t\t\t\t<\/ul>\n\t\t\t\t<\/div>\n\t\t\t\t<\/div>\n\t\t\t\t\t\t<\/div>\n\t\t\t\t\t<\/div>\n\t\t<\/div>\n\t\t\t\t<div class=\"elementor-column elementor-col-50 elementor-top-column elementor-element elementor-element-2e0a158c\" data-id=\"2e0a158c\" data-element_type=\"column\">\n\t\t\t<div class=\"elementor-column-wrap elementor-element-populated\">\n\t\t\t\t\t\t\t<div class=\"elementor-widget-wrap\">\n\t\t\t\t\t\t<div class=\"elementor-element elementor-element-9c34d6b elementor-widget elementor-widget-google_maps\" data-id=\"9c34d6b\" data-element_type=\"widget\" data-widget_type=\"google_maps.default\">\n\t\t\t\t<div class=\"elementor-widget-container\">\n\t\t\t\t\t<div class=\"elementor-custom-embed\">\n\t\t\t<iframe loading=\"lazy\"\n\t\t\t\t\tsrc=\"https:\/\/maps.google.com\/maps?q=Rastatt-Wintersdorf&#038;t=m&#038;z=10&#038;output=embed&#038;iwloc=near\"\n\t\t\t\t\ttitle=\"Rastatt-Wintersdorf\"\n\t\t\t\t\taria-label=\"Rastatt-Wintersdorf\"\n\t\t\t><\/iframe>\n\t\t<\/div>\n\t\t\t\t<\/div>\n\t\t\t\t<\/div>\n\t\t\t\t\t\t<\/div>\n\t\t\t\t\t<\/div>\n\t\t<\/div>\n\t\t\t\t\t\t\t\t<\/div>\n\t\t\t\t\t<\/div>\n\t\t<\/section>\n\t\t\t\t<section class=\"elementor-section elementor-top-section elementor-element elementor-element-099574b elementor-section-boxed elementor-section-height-default elementor-section-height-default\" data-id=\"099574b\" data-element_type=\"section\">\n\t\t\t\t\t\t<div class=\"elementor-container elementor-column-gap-default\">\n\t\t\t\t\t\t\t<div class=\"elementor-row\">\n\t\t\t\t\t<div class=\"elementor-column elementor-col-100 elementor-top-column elementor-element elementor-element-f4a8c25\" data-id=\"f4a8c25\" data-element_type=\"column\">\n\t\t\t<div class=\"elementor-column-wrap elementor-element-populated\">\n\t\t\t\t\t\t\t<div class=\"elementor-widget-wrap\">\n\t\t\t\t\t\t<div class=\"elementor-element elementor-element-2e68e41 elementor-tabs-view-horizontal elementor-widget elementor-widget-tabs\" data-id=\"2e68e41\" data-element_type=\"widget\" data-widget_type=\"tabs.default\">\n\t\t\t\t<div class=\"elementor-widget-container\">\n\t\t\t\t\t<div class=\"elementor-tabs\">\n\t\t\t<div class=\"elementor-tabs-wrapper\" role=\"tablist\" >\n\t\t\t\t\t\t\t\t\t<div id=\"elementor-tab-title-4861\" class=\"elementor-tab-title elementor-tab-desktop-title\" aria-selected=\"true\" data-tab=\"1\" role=\"tab\" tabindex=\"0\" aria-controls=\"elementor-tab-content-4861\" aria-expanded=\"false\"><a href=\"\">Vorstand<\/a><\/div>\n\t\t\t\t\t\t\t\t\t<div id=\"elementor-tab-title-4862\" class=\"elementor-tab-title elementor-tab-desktop-title\" aria-selected=\"false\" data-tab=\"2\" role=\"tab\" tabindex=\"-1\" aria-controls=\"elementor-tab-content-4862\" aria-expanded=\"false\"><a href=\"\">Veranwortlich f\u00fcr Pflege und Inhalt<\/a><\/div>\n\t\t\t\t\t\t\t\t\t<div id=\"elementor-tab-title-4863\" class=\"elementor-tab-title elementor-tab-desktop-title\" aria-selected=\"false\" data-tab=\"3\" role=\"tab\" tabindex=\"-1\" aria-controls=\"elementor-tab-content-4863\" aria-expanded=\"false\"><a href=\"\">Datenschutzerkl\u00e4rung<\/a><\/div>\n\t\t\t\t\t\t\t<\/div>\n\t\t\t<div class=\"elementor-tabs-content-wrapper\" role=\"tablist\" aria-orientation=\"vertical\">\n\t\t\t\t\t\t\t\t\t<div class=\"elementor-tab-title elementor-tab-mobile-title\" aria-selected=\"true\" data-tab=\"1\" role=\"tab\" tabindex=\"0\" aria-controls=\"elementor-tab-content-4861\" aria-expanded=\"false\">Vorstand<\/div>\n\t\t\t\t\t<div id=\"elementor-tab-content-4861\" class=\"elementor-tab-content elementor-clearfix\" data-tab=\"1\" role=\"tabpanel\" aria-labelledby=\"elementor-tab-title-4861\" tabindex=\"0\" hidden=\"false\"><table>\n<tbody>\n<tr>\n<td width=\"200\">1. Vorsitzender<\/td>\n<td width=\"100\">Dominik Schneider<\/td>\n<td width=\"100\">Tel.: 07229\/ 3086699<\/td>\n<td width=\"50\">vorstand@tv-wintersdorf.de<\/td>\n<\/tr>\n<tr>\n<td width=\"200\">2. Vorsitzende Abteilung Sport<\/td>\n<td width=\"100\">Doreen Stoll<\/td>\n<td width=\"100\">Tel.: 0176\/83482808<\/td>\n<td width=\"50\">sport@tv-wintersdorf.de<\/td>\n<\/tr>\n<tr>\n<td width=\"200\">2. Vorsitzender Abteilung Wirtschaft<\/td>\n<td width=\"100\">Julian Heitz<\/td>\n<td width=\"100\">Tel.: 07229\/9834048<\/td>\n<td width=\"50\">wirtschaft@tv-wintersdorf.de<\/td>\n<\/tr>\n<\/tbody>\n<\/table><\/div>\n\t\t\t\t\t\t\t\t\t<div class=\"elementor-tab-title elementor-tab-mobile-title\" aria-selected=\"false\" data-tab=\"2\" role=\"tab\" tabindex=\"-1\" aria-controls=\"elementor-tab-content-4862\" aria-expanded=\"false\">Veranwortlich f\u00fcr Pflege und Inhalt<\/div>\n\t\t\t\t\t<div id=\"elementor-tab-content-4862\" class=\"elementor-tab-content elementor-clearfix\" data-tab=\"2\" role=\"tabpanel\" aria-labelledby=\"elementor-tab-title-4862\" tabindex=\"0\" hidden=\"hidden\"><p>Kerstin Gr\u00fcnbacher<br><\/p>\n<p>Kontakt zu den Administratoren: <strong>webmaster@tv-wintersdorf.de<\/strong><\/p>\n<p>Wir \u00fcbernehmen keine Verantwortung f\u00fcr die Richtigkeit aller Angaben oder f\u00fcr den Inhalt von uns verlinkter Seiten.<\/p><\/div>\n\t\t\t\t\t\t\t\t\t<div class=\"elementor-tab-title elementor-tab-mobile-title\" aria-selected=\"false\" data-tab=\"3\" role=\"tab\" tabindex=\"-1\" aria-controls=\"elementor-tab-content-4863\" aria-expanded=\"false\">Datenschutzerkl\u00e4rung<\/div>\n\t\t\t\t\t<div id=\"elementor-tab-content-4863\" class=\"elementor-tab-content elementor-clearfix\" data-tab=\"3\" role=\"tabpanel\" aria-labelledby=\"elementor-tab-title-4863\" tabindex=\"0\" hidden=\"hidden\"><p><strong>Datenschutzerkl\u00e4rung<\/strong><\/p>\n<p>Nachfolgend m\u00f6chten wir Sie dar\u00fcber informieren, welche personenbezogenen Daten wir im Rahmen der Nutzung unserer Internetseite \u201e<a href=\"http:\/\/www.tv-wintersdorf.de\/\">http:\/\/www.tv-wintersdorf.de<\/a>\u201c verarbeiten und zu welchem Zweck diese Verarbeitung erfolgt und welche Rechte Ihnen als betroffene Person nach dem Datenschutzrecht zustehen.<\/p>\n<p><\/p>\n<p><strong>Verantwortlicher nach Art. 4 Nr. 7 DSGVO (Datenschutzgrundverordnung)<\/strong><\/p>\n<p>Verantwortlicher im Sinne der DSGVO sind:<\/p>\n<p><strong><em>Kerstin Gr\u00fcnbacher<br><\/em><\/strong><\/p>\n<p>Sie k\u00f6nnen uns bei Fragen zum Datenschutz gerne \u00fcber E-Mail unter \u201e<u>Webmaster@tv-wintersdorf.de<\/u>\u201c erreichen.<\/p>\n<p><\/p>\n<p><strong>Personenbezogene Daten, Grundsatz der Rechtm\u00e4\u00dfigkeit und Zweckbindung<\/strong><\/p>\n<p>Gem\u00e4\u00df Art. 4 Nr. 1 DSGVO sind \u201epersonenbezogene Daten\u201c alle Informationen, die sich auf eine identifizierte oder identifizierbare nat\u00fcrliche Person (im Folgenden \u201ebetroffene Person\u201c) beziehen; als identifizierbar wird eine nat\u00fcrliche Person angesehen, die direkt oder indirekt, insbesondere mittels Zuordnung zu einer Kennung wie einem Namen, zu einer Kennnummer, zu Standortdaten, zu einer Online-Kennung oder zu einem oder mehreren besonderen Merkmalen identifiziert werden kann, die Ausdruck der physischen, physiologischen, genetischen, psychischen, wirtschaftlichen, kulturellen oder sozialen Identit\u00e4t dieser nat\u00fcrlichen Person sind.<\/p>\n<p>Bei Nutzung des Internets findet \u00fcber Netzwerke und bestimmte Protokolle eine Kommunikation zwischen Netzwerkger\u00e4ten statt. Unsere Internetseite wird \u00fcber den Server eines Internetdienstleisters betrieben. Diese Informationen sind \u00fcber eine bestimmte Internetadresse erreichbar. Die M\u00f6glichkeiten, unsere Seite aufzurufen, sind vielf\u00e4ltig. In der Regel erfolgt die Verbindung des eigenen Netzwerkes \u00fcber einen Internetrouter. Dieser w\u00e4hlt sich \u00fcber die Zugangsdaten des Internetproviders ins Internet ein. M\u00f6glich und h\u00e4ufig ist auch die Einwahl direkt \u00fcber ein internetf\u00e4higes Endger\u00e4t, das sich \u00fcber Mobilfunk direkt \u00fcber den Netzanbieter mit dem Internet verbindet. Insbesondere bei der Nutzung \u00f6ffentlicher Netzwerke sollten Sie sich immer der Tatsache bewusst sein, dass die \u00fcbertragenen Daten von Dritten einsehbar sind und es Dritten technisch m\u00f6glich ist, die Inhalte auszulesen.<\/p>\n<p>F\u00fcr diese Kommunikation \u00fcber das Internet muss jedem Ger\u00e4t eine bestimmte Netzwerkadresse zugeordnet werden. Diese sogenannte IP-Adresse ist als personenbezogenes Datum einzuordnen, denn \u00fcber eine (unter bestimmten gesetzlichen Voraussetzungen m\u00f6gliche) Anfrage beim jeweiligen Provider l\u00e4sst sich z.B. der Inhaber des jeweiligen Internetanschlusses ermitteln.<\/p>\n<p>Eine \u201eVerarbeitung\u201c ist gem\u00e4\u00df Art. 4 Nr.2 DSGVO jeder mit oder ohne Hilfe automatisierter Verfahren ausgef\u00fchrten Vorgang oder jede solche Vorgangsreihe im Zusammenhang mit personenbezogenen Daten wie das Erheben, das Erfassen, die Organisation, das Ordnen, die Speicherung, die Anpassung oder Ver\u00e4nderung, das Auslesen, das Abfragen, die Verwendung, die Offenlegung durch \u00dcbermittlung, Verbreitung oder eine andere Form der Bereitstellung, den Abgleich oder die Verkn\u00fcpfung, die Einschr\u00e4nkung, das L\u00f6schen oder die Vernichtung.<\/p>\n<p>Nach dem Grundsatz der Rechtm\u00e4\u00dfigkeit nach Art. 5 Abs. 1 Buchstabe a DSGVO m\u00fcssen personenbezogene Daten \u201eauf rechtm\u00e4\u00dfige Weise\u201c verarbeitet werden. Eine Verarbeitung setzt daher in jedem Einzelfall eine gesetzliche Rechtfertigung voraus. Nach dem Grundsatz der Zweckbindung (Art. 5 Abs. 1 Buchstabe b DSGVO) m\u00fcssen personenbezogene Daten \u201ef\u00fcr festgelegte, eindeutige und legitime Zwecke erhoben werden und d\u00fcrfen nicht mit einer mit diesen Zwecken nicht zu vereinbarenden Weise verarbeitet werden\u201c.<\/p>\n<p><\/p>\n<p><strong>Verarbeitung von personenbezogenen Daten bei Besuch unserer Website<\/strong><\/p>\n<p>Der Aufruf unserer Website f\u00fchrt technisch bei jedem Seitenaufruf zu einem Datenaustausch des von Ihnen genutzten Rechners oder Ger\u00e4tes und des Servers, auf dem die Daten unserer Website gespeichert sind. Dies erfolgt allein durch Aufruf unserer Internetseite <a href=\"https:\/\/www.tv-wintersdorf.de\">https:\/\/www.tv-wintersdorf.de<\/a> und der jeweiligen Unterseiten im Rahmen der Kommunikation \u00fcber das Internet. Das verwendete Protokoll und die Kommunikation im Internet f\u00fchrt zu einem Datenaustausch und einer Protokollierung bestimmter Tatsachen, die vom Server protokolliert werden. Dies sind folgende Daten:<\/p>\n<ul>\n<li>das Datum und die Uhrzeit jedes Aufrufes unserer Internetseite und der Unterseiten;<\/li>\n<li>die IP-Adresse des Rechners oder Ger\u00e4tes, mit dem Sie unsere Seite aufrufen;<\/li>\n<li>den Namen und die Internetadresse (\u201eURL\u201c) der aufgerufenen Datei;<\/li>\n<li>der Name des von Ihnen verwendeten Browsers und des Betriebssystems;<\/li>\n<li>die Internetadresse der zuletzt von Ihnen besuchten Internetseite.<\/li>\n<\/ul>\n<p>Je nach gew\u00e4hlter Einstellung Ihres Browsers k\u00f6nnen Sie die \u00fcbertragenen Daten beschr\u00e4nken. Viele Browser bieten eine Anonymisierung an. Dies f\u00fchrt dazu, dass z.B. der Name des von Ihnen verwendeten Browser nicht \u00fcbermittelt wird. Beachten Sie aber bitte, dass dies auf die \u00dcbermittlung Ihrer IP-Adresse keine Auswirkungen hat. Eine weitere Einschr\u00e4nkung der Daten\u00fcbermittlung l\u00e4sst sich durch Anonymisierungstools oder ggf. durch entsprechende Webseiten erreichen. \u00dcber die Nutzung bestimmter Anonymisierungsdiente (z.B. Tor, <u><a href=\"https:\/\/www.torproject.org\/\">https:\/\/www.torproject.org\/<\/a><\/u>) l\u00e4sst sich die \u00dcbertragung der IP-Adresse ebenfalls grunds\u00e4tzlich unterbinden. Eine v\u00f6llige Anonymit\u00e4t l\u00e4sst sich bei einer Nutzung des Internets wohl kaum erreichen.<\/p>\n<p><\/p>\n<p><strong>Zweck der Datenverarbeitung und Grundlage der Rechtsm\u00e4\u00dfigkeit der Verarbeitung<\/strong><\/p>\n<p>Der Zweck der Datenverarbeitung ist der Betrieb der von uns betriebenen Internetwebsite <a href=\"https:\/\/www.tv-wintersdorf.de\">https:\/\/www.tv-wintersdorf.de<\/a>. Die Datenverarbeitung dient der Sicherung des technischen Ablaufs der Kommunikation und Verbindung zwischen Ihrem Rechner\/Ger\u00e4t und dem von uns genutzten Server. Technisch nutzen wir die Daten auch zur Auswertung der Systemsicherheit und -stabilit\u00e4t sowie zu administrativen Zwecken, die mit dem Betrieb und der Wartung dieses Dienstes zusammenh\u00e4ngen.<\/p>\n<p>Das Gesetz erlaubt in bestimmten F\u00e4llen die Datenverarbeitung ohne Einwilligung. Die Rechtsgrundlage f\u00fcr die Datenverarbeitung ist Art. 6 Abs. 1 S. 1 Buchstabe f DSGVO. Unser berechtigtes Interesse folgt aus dem Interesse eines Unternehmens eine Website zu betreiben und die angebotenen Dienstleistungen im Internet zu pr\u00e4sentieren und dem Zwecke der Werbung f\u00fcr unsere Dienstleistungen.<\/p>\n<p><\/p>\n<p>Eine rechtm\u00e4\u00dfige Verarbeitung von Daten kann in folgenden F\u00e4llen erfolgen:<\/p>\n<ul>\n<li>Die Verarbeitung ist f\u00fcr die Erf\u00fcllung einer rechtlichen Verpflichtung erforderlich, der der Verantwortliche unterliegt (Art. 6 Abs. 1 S. 1 Buchstabe c DSGVO);<\/li>\n<li>Sie erteilen Ihre ausdr\u00fcckliche Einwilligung hierzu (Art. 6 Abs. 1 S. 1 Buchstabe a DSGVO);<\/li>\n<li>die Verarbeitung ist zur Wahrung der berechtigten Interessen von uns oder eines Dritten erforderlich, sofern nicht Ihre Interessen oder Grundrechte und Grundfreiheiten, die den Schutz personenbezogener Daten erfordern, \u00fcberwiegen (Art. 6 Abs. 1 S. 1 Buchstabe f);<\/li>\n<li>f\u00fcr den Fall, dass die Weitergabe nach Art. 6 Abs. 1 S. 1 Buchstabe b DSGVO f\u00fcr die Erf\u00fcllung eines Vertrages, dessen Vertragspartei Sie sind oder zur Durchf\u00fchrung vorvertraglicher Ma\u00dfnahmen erforderlich ist, die auf Anfrage von Ihnen erfolgt sind.<\/li>\n<li>Es liegt ein sonstiger gesetzlicher Erlaubnistatbestand vor. Mitgliedsstaaten haben in bestimmten F\u00e4llen die M\u00f6glichkeit, weitere Erlaubnistatbest\u00e4nde zu erlassen.<\/li>\n<\/ul>\n<p><strong>Weitergabe von Daten<\/strong><\/p>\n<p>Eine Weitergabe von Daten durch uns an Dritte findet nicht statt.<\/p>\n<p><\/p>\n<p><strong>Cookies<\/strong><\/p>\n<p>Wir setzen auf unserer Seite Cookies ein. Hierbei handelt es sich um Dateien, die Ihr Browser automatisch erstellt und die auf Ihrem Router und\/oder Endger\u00e4t (Laptop, Tablet, Smartphone o.\u00e4.) gespeichert werden, wenn Sie unsere Seite besuchen. Cookies richten auf Ihrem Endger\u00e4t keinen Schaden an, enthalten keine Viren, Trojaner oder sonstige Schadsoftware.<\/p>\n<p>In dem Cookie werden Informationen abgelegt, die sich jeweils im Zusammenhang mit dem spezifisch eingesetzten Endger\u00e4t ergeben. Dies bedeutet jedoch nicht, dass wir dadurch unmittelbar Kenntnis von Ihrer Identit\u00e4t erhalten.<\/p>\n<p>Der Einsatz von Cookies dient einerseits dazu, die Nutzung unseres Angebots f\u00fcr Sie angenehmer zu gestalten. So setzen wir sogenannte Session-Cookies ein, um zu erkennen, dass Sie einzelne Seiten unserer Website bereits besucht haben. Diese werden nach Verlassen unserer Seite automatisch gel\u00f6scht.<\/p>\n<p>Dar\u00fcber hinaus setzen wir ebenfalls zur Optimierung der Benutzerfreundlichkeit tempor\u00e4re Cookies ein, die f\u00fcr einen bestimmten festgelegten Zeitraum auf Ihrem Endger\u00e4t gespeichert werden. Besuchen Sie unsere Seite erneut, um unsere Dienste in Anspruch zu nehmen, wird automatisch erkannt, dass Sie bereits bei uns waren und welche Eingaben und Einstellungen sie get\u00e4tigt haben, um diese nicht noch einmal eingeben zu m\u00fcssen.<\/p>\n<p>Zum anderen setzten wir ggf. Cookies ein, um die Nutzung unserer Website statistisch zu erfassen. Diese Cookies erm\u00f6glichen es uns, bei einem erneuten Besuch unserer Seite automatisch zu erkennen, dass Sie bereits bei uns waren. Diese Cookies werden nach einer jeweils definierten Zeit automatisch gel\u00f6scht.<\/p>\n<p>Die durch Cookies verarbeiteten Daten sind f\u00fcr die genannten Zwecke zur Wahrung unserer berechtigten Interessen an der Optimierung unserer Website f\u00fcr die Nutzer nach Art. 6 Abs. 1 S. 1 Buchstabe f DSGVO zul\u00e4ssig und erforderlich.<\/p>\n<p>Die meisten Browser akzeptieren Cookies automatisch. Sie k\u00f6nnen Ihren Browser jedoch so konfigurieren, dass keine Cookies auf Ihrem Computer gespeichert werden oder stets ein Hinweis erscheint, bevor ein neuer Cookie angelegt wird. Die vollst\u00e4ndige Deaktivierung von Cookies kann jedoch dazu f\u00fchren, dass Sie nicht alle Funktionen unserer Website nutzen k\u00f6nnen.<\/p>\n<p><\/p>\n<p><strong>Analyse-Tools<\/strong><\/p>\n<p><strong>Google \u2013 Analytics (Google-Maps Plugin)<\/strong><\/p>\n<p>Diese Website nutzt den Dienst \u201eGoogle Analytics\u201c, welcher von der Google Inc. (1600 Amphitheatre Parkway Mountain View, CA 94043, USA) angeboten wird, zur Analyse der Website \u2013 benutzung durch Nutzer. Der Dienst verwendet \u201eCookies\u201c\u2013Textdateien, welche auf Ihrem Endger\u00e4t gespeichert werden. Die durch die Cookies gesammelten Informationen werden im Regelfall an einen Google-Server in den USA gesandt und dort gespeichert. Auf dieser Website greift die IP-Anonymisierung. Die IP \u2013 Adresse der Nutzer wird innerhalb der Mitgliedsstaaten der EU und des<\/p>\n<p>Europ\u00e4ischen Wirtschaftsraum gek\u00fcrzt. Durch diese K\u00fcrzung entf\u00e4llt der Personenbezug Ihrer IP \u2013 Adresse. Im Rahmen der Vereinbarung zur<\/p>\n<p>Auftragsdatenvereinbarung, welche die Websitebetreiber mit der Google Inc. geschlossen haben, erstellt diese mithilfe der<\/p>\n<p>gesammelten Informationen eine Auswertung der Websitenutzung und der Websiteaktivit\u00e4t und erbringt mit der Internetnutzung verbundene Dienstleistungen.<\/p>\n<p>Sie haben die M\u00f6glichkeit, die Speicherung des Cookies auf Ihrem Ger\u00e4t zu verhindern, indem Sie in Ihrem Browser entsprechende Einstellungen vornehmen. Es ist nicht gew\u00e4hrleistet, dass Sie auf alle Funktionen dieser Website ohne Einschr\u00e4nkungen zugreifen k\u00f6nnen, wenn Ihr Browser keine Cookies zul\u00e4sst. Weiterhin k\u00f6nnen Sie durch ein Browser \u2013 Plugin verhindern, dass die<\/p>\n<p>durch Cookies gesammelten Informationen (inklusive Ihrer IP \u2013 Adresse) an die Google Inc. gesendet und von der Google Inc. genutzt werden.<\/p>\n<p>Folgender Link f\u00fchrt Sie zu dem entsprechenden Plugin: &lt;ahref=\u201chttps:\/\/tools.google.com\/dlpage\/gaoptout?hl=de\u201c&gt; https:\/\/tools.google.com\/dlpage\/gaoptout?hl=de&lt;\/a&gt;<\/p>\n<p>Alternativ verhindern Sie mit einem Klick auf &lt;aonclick=\u201calert (\u201aGoogle Analytics wurde deaktiviert\u2018);\u201chref=\u201cjavascript:gaOptout()\u201c&gt;diesen Link&lt;\/a&gt;, dass Google Analytics innerhalb dieser Website Daten \u00fcber Sie erfasst. Mit dem Klick auf obigen Link laden Sie ein \u201eOpt-Out \u2013 Cookie\u201c herunter. Ihr Browser Muster von datenschutz.org muss die Speicherung von Cookies also hierzu grunds\u00e4tzlich erlauben. L\u00f6schen Sie Ihre Cookies regelm\u00e4\u00dfig, ist ein erneuter Klick auf den Link bei jedem Besuch dieser Website vonn\u00f6ten. Hier finden Sie weitere Informationen zur Datennutzung durch die Google Inc.: &lt;href=\u201chttps:\/\/support.google.com\/analytics\/answer\/6004245?hl=de\u201c&gt; https:\/\/support.google.com\/analytics\/answer\/6004245?hl=de&lt;\/a&gt;<\/p>\n<p><strong>Eingebettete Inhalte von anderen Websites<\/strong><\/p>\n<p>Beitr\u00e4ge auf dieser Website k\u00f6nnen eingebettete Inhalte beinhalten (z.&nbsp;B. Videos, Bilder, Beitr\u00e4ge etc.). Eingebettete Inhalte von anderen Websites verhalten sich exakt so, als ob der Besucher die andere Website besucht h\u00e4tte.<\/p>\n<p>Diese Websites k\u00f6nnen Daten \u00fcber Sie sammeln, Cookies benutzen, zus\u00e4tzliche Tracking-Dienste von Dritten einbetten und deine Interaktion mit diesem eingebetteten Inhalt aufzeichnen, inklusive deiner Interaktion mit dem eingebetteten Inhalt, falls du ein Konto hast und auf dieser Website angemeldet bist.<\/p>\n<p><\/p>\n<p><strong>Betroffenenrechte <\/strong><\/p>\n<p>Sie haben als Betroffener nach dem Datenschutzrecht folgende Betroffenenrechte:<\/p>\n<ul>\n<li>gem\u00e4\u00df Art.&nbsp;15 DSGVO k\u00f6nnen Sie Auskunft \u00fcber Ihre von uns verarbeiteten personenbezogenen Daten verlangen. Dies umfasst insbesondere die Auskunft \u00fcber die Verarbeitungszwecke, die Kategorien der personenbezogenen Daten, die Empf\u00e4nger oder Kategorien von Empf\u00e4ngern, gegen\u00fcber denen Ihre Daten offengelegt worden sind oder offengelegt werden, falls m\u00f6glich die geplante Speicherdauer der personenbezogenen Daten, das Bestehen eines Rechts auf Berichtigung, L\u00f6schung, Einschr\u00e4nkung der Verarbeitung oder Widerspruch, das Bestehen eines Beschwerderechts, die Herkunft ihrer Daten, sofern diese nicht bei uns erhoben wurden, sowie \u00fcber das Bestehen einer automatisierten Entscheidungsfindung einschlie\u00dflich Profiling und ggf. aussagekr\u00e4ftigen Informationen zu deren Einzelheiten;<\/li>\n<li>gem\u00e4\u00df Art.&nbsp;16 DSGVO k\u00f6nnen Sie von uns unverz\u00fcglich die Berichtigung unrichtiger oder die Vervollst\u00e4ndigung Ihrer bei uns gespeicherten personenbezogenen Daten verlangen;<\/li>\n<li>gem\u00e4\u00df Art.&nbsp;17 DSGVO k\u00f6nnen Sie die L\u00f6schung Ihrer bei uns gespeicherten personenbezogenen Daten verlangen, soweit nicht die Verarbeitung zur Aus\u00fcbung des Rechts auf freie Meinungs\u00e4u\u00dferung und Information, zur Erf\u00fcllung einer rechtlichen Verpflichtung, aus Gr\u00fcnden des \u00f6ffentlichen Interesses oder zur Geltendmachung, Aus\u00fcbung oder Verteidigung von Rechtsanspr\u00fcchen erforderlich ist (\u201eRecht auf L\u00f6schung\u201c);<\/li>\n<li>gem\u00e4\u00df Art.&nbsp;18 DSGVO k\u00f6nnen Sie die Einschr\u00e4nkung der Verarbeitung Ihrer personenbezogenen Daten verlangen (\u201eRecht auf Einschr\u00e4nkung der Verarbeitung\u201c), wenn<\/li>\n<li>die Richtigkeit der Daten von Ihnen bestritten wird, und zwar f\u00fcr eine Dauer, die es uns erm\u00f6glicht, die Richtigkeit der personenbezogenen Daten zu \u00fcberpr\u00fcfen;<\/li>\n<li>wenn die Verarbeitung unrechtm\u00e4\u00dfig ist, Sie aber deren L\u00f6schung ablehnen und Sie stattdessen die Einschr\u00e4nkung der Nutzung der personenbezogenen Daten verlangen;<\/li>\n<li>wir die Daten nicht mehr ben\u00f6tigen, Sie jedoch diese zur Geltendmachung, Aus\u00fcbung oder Verteidigung von Rechtsanspr\u00fcchen ben\u00f6tigen<\/li>\n<li>oder Sie gem\u00e4\u00df Art.&nbsp;21 DSGVO Widerspruch gegen die Verarbeitung eingelegt haben, solange nicht feststeht, ob die berechtigten Gr\u00fcnde von uns gegen\u00fcber der betroffenen Person \u00fcberwiegen;<\/li>\n<li>gem\u00e4\u00df Art.&nbsp;20 DSGVO haben Sie das Recht, Ihre personenbezogenen Daten, die Sie uns bereitgestellt haben, in einem strukturierten, g\u00e4ngigen und maschinenlesebaren Format zu erhalten. Sie haben zudem das Recht, diese Daten einem anderen Verantwortlichen zu \u00fcbermitteln ohne Behinderung durch uns (dem Verantwortlichen, dem die personenbezogenen Daten bereitgestellt wurden), sofern die Verarbeitung (a) auf einer Einwilligung gem\u00e4\u00df Art. 6 Abs. 1 Buchst. a oder Artikel 9 Absatz 2 Buchstabe a oder auf einem Vertrag gem\u00e4\u00df Art. 6 Abs. 1 Buchstabe b DSGVO beruht und (b) die Verarbeitung mithilfe automatisierter Verfahren erfolgt (\u201eRecht auf Daten\u00fcbertragbarkeit\u201c).<\/li>\n<li>gem\u00e4\u00df Art.&nbsp;7 Abs.&nbsp;3 DSGVO k\u00f6nnen Ihre einmal erteilte Einwilligung jederzeit gegen\u00fcber uns mit Wirkung f\u00fcr die Zukunft widerrufen. Durch den Widerruf der Einwilligung wird die Rechtm\u00e4\u00dfigkeit der aufgrund der Einwilligung bis zum Widerruf erfolgten Verarbeitung nicht ber\u00fchrt.<\/li>\n<li>gem\u00e4\u00df Art.&nbsp;77 DSGVO k\u00f6nnen Sie sich unbeschadet eines anderweitigen verwaltungsrechtlichen oder gerichtlichen Rechtsbehelfs bei einer Aufsichtsbeh\u00f6rde beschweren, insbesondere in dem Mitgliedsstaat Ihres gew\u00f6hnlichen Aufenthaltsorts, Ihres Arbeitsplatzes oder des Orts des mutma\u00dflichen Versto\u00dfes (der Sitz unseres Vereins), wenn Sie der Ansicht sind, dass die Verarbeitung der Sie betreffenden personenbezogenen Daten gegen diese Verordnung verst\u00f6\u00dft.<\/li>\n<\/ul>\n<p><strong>Widerspruchsrecht<\/strong><\/p>\n<p>Sofern Ihre personenbezogenen Daten auf Grundlage von berechtigten Interessen gem\u00e4\u00df Art.&nbsp;6 Abs.&nbsp;1 S.&nbsp;1 Buchst.&nbsp;f DSGVO verarbeitet werden, haben Sie das Recht, gem\u00e4\u00df Art.&nbsp;21 DSGVO jederzeit Widerspruch gegen die Verarbeitung der Sie betreffenden personenbezogenen Daten einzulegen, soweit daf\u00fcr Gr\u00fcnde vorliegen, die sich aus Ihrer besonderen Situation ergeben oder sich der Widerspruch gegen Direktwerbung richtet. Im letzteren Fall haben Sie ein generelles Widerspruchsrecht, das ohne Angabe einer besonderen Situation von uns umgesetzt wird.<br>M\u00f6chten Sie von Ihrem Widerrufs- oder Widerspruchsrecht Gebrauch machen, gen\u00fcgt eine E-Mail an <u>Webmaster@tv-wintersdorf,de<\/u>. Selbstverst\u00e4ndlich k\u00f6nnen Sie uns den Widerspruch auch formlos, schriftlich oder in Textform mitteilen.<\/p>\n<p><\/p>\n<p><strong>Datensicherheit<\/strong><\/p>\n<p>Wir verwenden innerhalb des Website-Besuchs das verbreitete SSL-Verfahren (Secure Socket Layer) in Verbindung mit der jeweils h\u00f6chsten Verschl\u00fcsselungsstufe, die von Ihrem Browser unterst\u00fctzt wird. In der Regel handelt es sich dabei um eine 256 Bit Verschl\u00fcsselung. Falls Ihr Browser keine 256-Bit Verschl\u00fcsselung unterst\u00fctzt, greifen wir stattdessen auf 128-Bit v3 Technologie zur\u00fcck. Ob eine einzelne Seite unseres Internetauftrittes verschl\u00fcsselt \u00fcbertragen wird, erkennen Sie an der geschlossenen Darstellung des Sch\u00fcssel- beziehungsweise Schloss-Symbols in der unteren Statusleiste Ihres Browsers.<\/p>\n<p>Wir bedienen uns im \u00dcbrigen geeigneter technischer und organisatorischer Sicherheitsma\u00dfnahmen, um Ihre Daten gegen zuf\u00e4llige oder vors\u00e4tzliche Manipulationen, teilweisen oder vollst\u00e4ndigen Verlust, Zerst\u00f6rung oder gegen den unbefugten Zugriff Dritter zu sch\u00fctzen. Unsere Sicherheitsma\u00dfnahmen werden entsprechend der technologischen Entwicklung fortlaufend verbessert.<\/p>\n<p><strong>Stand dieser Datenschutzerkl\u00e4rung<\/strong><\/p>\n<p>Diese Datenschutzerkl\u00e4rung ist aktuell g\u00fcltig und hat den Stand 25.Mai 2018.<\/p>\n<p>Durch die Weiterentwicklung unserer Website und Angebote dar\u00fcber oder aufgrund ge\u00e4nderter gesetzlicher beziehungsweise beh\u00f6rdlicher Vorgaben kann es notwendig werden, diese Datenschutzerkl\u00e4rung zu \u00e4ndern. Die jeweils aktuelle Datenschutzerkl\u00e4rung kann jederzeit auf der Website unter&nbsp;<a href=\"http:\/\/www.tv-wintersdorf.de\">http:\/\/www.tv-wintersdorf.de<\/a> von Ihnen abgerufen und ausgedruckt werden.<\/p><\/div>\n\t\t\t\t\t\t\t<\/div>\n\t\t<\/div>\n\t\t\t\t<\/div>\n\t\t\t\t<\/div>\n\t\t\t\t\t\t<\/div>\n\t\t\t\t\t<\/div>\n\t\t<\/div>\n\t\t\t\t\t\t\t\t<\/div>\n\t\t\t\t\t<\/div>\n\t\t<\/section>\n\t\t\t\t\t\t\t\t\t<\/div>\n\t\t\t<\/div>\n\t\t\t\t\t<\/div>\n\t\t","protected":false},"excerpt":{"rendered":"<p>Turnverein Wintersdorf 1919 e.V. Impressum Turnverein Wintersdorf 1919 e.V. Salmstra\u00dfe 21 76437 Rastatt-Wintersdorf webmaster@tv-wintersdorf.de Eintragung im Vereinsregister Registergericht: Amtsgericht Mannheim Registernummer: Vorstand Veranwortlich f\u00fcr Pflege und Inhalt Datenschutzerkl\u00e4rung Vorstand 1. Vorsitzender Dominik Schneider Tel.: 07229\/ 3086699 vorstand@tv-wintersdorf.de 2. Vorsitzende Abteilung Sport Doreen Stoll Tel.: 0176\/83482808 sport@tv-wintersdorf.de 2. Vorsitzender Abteilung Wirtschaft Julian Heitz Tel.: 07229\/9834048 wirtschaft@tv-wintersdorf.de [&hellip;]<\/p>\n","protected":false},"author":1,"featured_media":0,"parent":0,"menu_order":0,"comment_status":"closed","ping_status":"closed","template":"","meta":[],"_links":{"self":[{"href":"https:\/\/tv-wintersdorf.de\/index.php?rest_route=\/wp\/v2\/pages\/70"}],"collection":[{"href":"https:\/\/tv-wintersdorf.de\/index.php?rest_route=\/wp\/v2\/pages"}],"about":[{"href":"https:\/\/tv-wintersdorf.de\/index.php?rest_route=\/wp\/v2\/types\/page"}],"author":[{"embeddable":true,"href":"https:\/\/tv-wintersdorf.de\/index.php?rest_route=\/wp\/v2\/users\/1"}],"replies":[{"embeddable":true,"href":"https:\/\/tv-wintersdorf.de\/index.php?rest_route=%2Fwp%2Fv2%2Fcomments&post=70"}],"version-history":[{"count":42,"href":"https:\/\/tv-wintersdorf.de\/index.php?rest_route=\/wp\/v2\/pages\/70\/revisions"}],"predecessor-version":[{"id":7192,"href":"https:\/\/tv-wintersdorf.de\/index.php?rest_route=\/wp\/v2\/pages\/70\/revisions\/7192"}],"wp:attachment":[{"href":"https:\/\/tv-wintersdorf.de\/index.php?rest_route=%2Fwp%2Fv2%2Fmedia&parent=70"}],"curies":[{"name":"wp","href":"https:\/\/api.w.org\/{rel}","templated":true}]}}